{"id":786,"date":"2011-07-09T17:43:27","date_gmt":"2011-07-09T21:43:27","guid":{"rendered":"https:\/\/www.mileendmission.org\/?page_id=786"},"modified":"2016-07-12T10:38:22","modified_gmt":"2016-07-12T14:38:22","slug":"lart","status":"publish","type":"page","link":"https:\/\/www.mileendmission.org\/fr\/lart\/","title":{"rendered":"Programme de l&rsquo;Art Communautaire"},"content":{"rendered":"<div class=\"wpb-content-wrapper\"><p>[vc_row][vc_column][vc_column_text]<img loading=\"lazy\" decoding=\"async\" class=\"aligncenter size-full wp-image-818\" title=\"l'Art\" src=\"https:\/\/www.mileendmission.org\/wp-content\/uploads\/2011\/07\/art-banner-fr.jpg\" alt=\"\" width=\"495\" height=\"255\" srcset=\"https:\/\/www.mileendmission.org\/wp-content\/uploads\/2011\/07\/art-banner-fr.jpg 495w, https:\/\/www.mileendmission.org\/wp-content\/uploads\/2011\/07\/art-banner-fr-300x155.jpg 300w, https:\/\/www.mileendmission.org\/wp-content\/uploads\/2011\/07\/art-banner-fr-390x201.jpg 390w\" sizes=\"auto, (max-width: 495px) 100vw, 495px\" \/><\/p>\n<p><strong>Les ateliers d&rsquo;art offerts gratuitement<\/strong><\/p>\n<p>Touche l&rsquo;art th\u00e9rapie l\u2019expression des \u00e9motions \u00e0 travers le dessin, le collage. Un espace de confiance est cr\u00e9\u00e9, ce qui permet aux participant(e)s de dessiner, d&rsquo;\u00e9crire, de lib\u00e9rer les conflits int\u00e9rieurs, simplement d\u2019\u00eatre et dans un deuxi\u00e8me temps l&rsquo;apprentissage de diff\u00e9rents m\u00e9diums.<\/p>\n<p>L\u2018art communautaire est outil de parole et de changement. Il r\u00e9veille l&rsquo;\u00c9nergie de vie cr\u00e9ative en chacun \u00e9galement l&rsquo;espace int\u00e9rieur et la joie de cr\u00e9er. Dans cet apprentissage sans jugements chacun(e) se transforme \u00e0 son rythme. Depuis 2004, cet atelier \u00e9volue avec les participant(e)s.<\/p>\n<p><strong>\u00a0<\/strong><\/p>\n<p><strong>T\u00e9moignages et photos<\/strong><\/p>\n<p>[box] <em><strong>Lynda:<\/strong><\/em> Depuis 2004, je participe aux ateliers. Je brise mon isolement. Je d\u00e9veloppe une recherche int\u00e9rieure, j&rsquo;explore le dessin et l&rsquo;expression de moi-m\u00eame grandit.<\/p>\n<p><strong><em>Lise: <\/em><\/strong>Depuis 2004, je me d\u00e9couvre. Je suis devenue plus tol\u00e9rante envers les gens. Je vois plus la beaut\u00e9 des choses et des gens. Je d\u00e9veloppe la fiert\u00e9, la pers\u00e9v\u00e9rance de pourvoir mettre \u00e0 terme des projets. Je constate que je peux cr\u00e9er.<\/p>\n<p><em><strong>Marie-Claire: <\/strong><\/em>Depuis un an, j&rsquo;apprends \u00e0 utiliser diff\u00e9rents m\u00e9diums, diff\u00e9rentes techniques. Je prends confiance en ce que je fais. Je d\u00e9couvre mon monde int\u00e9rieur. Je cr\u00e9e de l&rsquo;espace en moi. Je r\u00e8gle des conflits de fa\u00e7on douce. Je sais plus qui je suis et ce que je veux.<\/p>\n<p><em><strong>Joanne: <\/strong><\/em>Vivre l\u2019exclusion sociale au quotidien n\u2019est pas facile, que les causes soient financi\u00e8res ou m\u00e9dicales. L\u2019incapacit\u00e9 \u00e0 suivre le rythme effr\u00e9n\u00e9 d\u2019aujourd\u2019hui sans sentir que c\u2019est de la faiblesse, de la paresse ou de la mauvaise volont\u00e9, mais plut\u00f4t un rythme diff\u00e9rent. Participer \u00e0 ces ateliers cr\u00e9e une acceptation de qui je suis, de ma diff\u00e9rence et du pouvoir de gu\u00e9rison par l\u2019art.<\/p>\n<p>[\/box]<\/p>\n<table style=\"width: 100%;\" cellspacing=\"0\" cellpadding=\"3\">\n<tbody>\n<tr>\n<td><img loading=\"lazy\" decoding=\"async\" class=\"aligncenter size-full wp-image-1406\" style=\"border: black 1px solid;\" title=\"Art Class 2012\" src=\"https:\/\/www.mileendmission.org\/wp-content\/uploads\/2011\/07\/art-communautaire-2011-2012-002.jpg\" alt=\"\" width=\"300\" height=\"164\" \/><\/td>\n<td><img loading=\"lazy\" decoding=\"async\" class=\"aligncenter size-full wp-image-1409\" style=\"border: black 1px solid;\" title=\"Art Class\" src=\"https:\/\/www.mileendmission.org\/wp-content\/uploads\/2011\/07\/art-communautaire-2011-2012-061.jpg\" alt=\"\" width=\"211\" height=\"300\" \/><\/td>\n<\/tr>\n<tr>\n<td><img loading=\"lazy\" decoding=\"async\" class=\"aligncenter wp-image-1408\" style=\"border: black 1px solid;\" title=\"Art Class\" src=\"https:\/\/www.mileendmission.org\/wp-content\/uploads\/2011\/07\/art-communautaire-2011-2012-048.jpg\" alt=\"\" width=\"194\" height=\"351\" srcset=\"https:\/\/www.mileendmission.org\/wp-content\/uploads\/2011\/07\/art-communautaire-2011-2012-048.jpg 300w, https:\/\/www.mileendmission.org\/wp-content\/uploads\/2011\/07\/art-communautaire-2011-2012-048-166x300.jpg 166w\" sizes=\"auto, (max-width: 194px) 100vw, 194px\" \/><\/td>\n<td><img loading=\"lazy\" decoding=\"async\" class=\"aligncenter wp-image-1407\" style=\"border: black 1px solid;\" title=\"Art Class\" src=\"https:\/\/www.mileendmission.org\/wp-content\/uploads\/2011\/07\/art-communautaire-2011-2012-074.jpg\" alt=\"\" width=\"270\" height=\"173\" \/><\/td>\n<\/tr>\n<tr>\n<td><img loading=\"lazy\" decoding=\"async\" class=\"aligncenter wp-image-1410\" style=\"border: black 1px solid;\" title=\"Art Class\" src=\"https:\/\/www.mileendmission.org\/wp-content\/uploads\/2011\/07\/art-communautaire-2011-2012-096.jpg\" alt=\"\" width=\"240\" height=\"156\" \/><\/td>\n<td><img loading=\"lazy\" decoding=\"async\" class=\"aligncenter wp-image-1411\" style=\"border: black 1px solid;\" title=\"Art Class\" src=\"https:\/\/www.mileendmission.org\/wp-content\/uploads\/2011\/07\/art-communautaire-2011-2012-054.jpg\" alt=\"\" width=\"240\" height=\"150\" \/><\/td>\n<\/tr>\n<tr>\n<td><img loading=\"lazy\" decoding=\"async\" class=\"aligncenter wp-image-1412\" style=\"border: black 1px solid;\" title=\"Art Class\" src=\"https:\/\/www.mileendmission.org\/wp-content\/uploads\/2011\/07\/art-communautaire-2011-2012-029.jpg\" alt=\"\" width=\"240\" height=\"294\" srcset=\"https:\/\/www.mileendmission.org\/wp-content\/uploads\/2011\/07\/art-communautaire-2011-2012-029.jpg 300w, https:\/\/www.mileendmission.org\/wp-content\/uploads\/2011\/07\/art-communautaire-2011-2012-029-245x300.jpg 245w\" sizes=\"auto, (max-width: 240px) 100vw, 240px\" \/><\/td>\n<td><img loading=\"lazy\" decoding=\"async\" class=\"aligncenter wp-image-1413\" style=\"border: black 1px solid;\" title=\"Art Class\" src=\"https:\/\/www.mileendmission.org\/wp-content\/uploads\/2011\/07\/art-communautaire-2011-2012-030.jpg\" alt=\"\" width=\"240\" height=\"375\" srcset=\"https:\/\/www.mileendmission.org\/wp-content\/uploads\/2011\/07\/art-communautaire-2011-2012-030.jpg 300w, https:\/\/www.mileendmission.org\/wp-content\/uploads\/2011\/07\/art-communautaire-2011-2012-030-192x300.jpg 192w\" sizes=\"auto, (max-width: 240px) 100vw, 240px\" \/><\/td>\n<\/tr>\n<tr>\n<td><img loading=\"lazy\" decoding=\"async\" class=\"aligncenter wp-image-1414\" style=\"border: black 1px solid;\" title=\"Art Class\" src=\"https:\/\/www.mileendmission.org\/wp-content\/uploads\/2011\/07\/art-communautaire-2011-2012-090.jpg\" alt=\"\" width=\"240\" height=\"312\" srcset=\"https:\/\/www.mileendmission.org\/wp-content\/uploads\/2011\/07\/art-communautaire-2011-2012-090.jpg 300w, https:\/\/www.mileendmission.org\/wp-content\/uploads\/2011\/07\/art-communautaire-2011-2012-090-231x300.jpg 231w\" sizes=\"auto, (max-width: 240px) 100vw, 240px\" \/><\/td>\n<td><img loading=\"lazy\" decoding=\"async\" class=\"aligncenter wp-image-1415\" style=\"border: black 1px solid;\" title=\"Art Class\" src=\"https:\/\/www.mileendmission.org\/wp-content\/uploads\/2011\/07\/art-communautaire-2011-2012-008.jpg\" alt=\"\" width=\"193\" height=\"240\" \/><\/td>\n<\/tr>\n<\/tbody>\n<\/table>\n<table style=\"width: 100%;\" cellspacing=\"0\" cellpadding=\"3\">\n<tbody>\n<tr>\n<td><a href=\"https:\/\/www.mileendmission.org\/art\/atelier-sur-otto-dix-en-collaboration-avec-le-musee-des-beaux-arts\/\" rel=\"attachment wp-att-1117\"><img loading=\"lazy\" decoding=\"async\" class=\"aligncenter size-thumbnail wp-image-1117\" style=\"border: black 1px solid;\" title=\"Atelier sur Otto Dix en collaboration avec le Mus\u00e9e des Beaux Arts\" src=\"https:\/\/www.mileendmission.org\/wp-content\/uploads\/2011\/07\/Atelier-sur-Otto-Dix-en-collaboration-avec-le-Mus%C3%A9e-des-Beaux-Arts-150x150.jpg\" alt=\"\" width=\"150\" height=\"150\" \/><\/a><\/td>\n<td>\n<div id=\"attachment_792\" style=\"width: 243px\" class=\"wp-caption aligncenter\"><img loading=\"lazy\" decoding=\"async\" aria-describedby=\"caption-attachment-792\" class=\"size-full wp-image-792 \" style=\"border: black 1px solid;\" title=\"Claudia Hamilton\" src=\"https:\/\/www.mileendmission.org\/wp-content\/uploads\/2011\/07\/claudia-hamilton.jpeg\" alt=\"\" width=\"233\" height=\"175\" \/><p id=\"caption-attachment-792\" class=\"wp-caption-text\">Claudia Hamilton<\/p><\/div><\/td>\n<\/tr>\n<tr>\n<td>\n<div id=\"attachment_794\" style=\"width: 256px\" class=\"wp-caption aligncenter\"><img loading=\"lazy\" decoding=\"async\" aria-describedby=\"caption-attachment-794\" class=\"size-full wp-image-794 \" style=\"border: 1px solid black;\" title=\"Femmes Collectif - Lubo Joanne - Lynda - Marie Claire\" src=\"https:\/\/www.mileendmission.org\/wp-content\/uploads\/2011\/07\/Femmes_collectif_Lubo_Joanne_Lynda_Marie_Claire.jpeg\" alt=\"\" width=\"246\" height=\"185\" srcset=\"https:\/\/www.mileendmission.org\/wp-content\/uploads\/2011\/07\/Femmes_collectif_Lubo_Joanne_Lynda_Marie_Claire.jpeg 307w, https:\/\/www.mileendmission.org\/wp-content\/uploads\/2011\/07\/Femmes_collectif_Lubo_Joanne_Lynda_Marie_Claire-300x226.jpeg 300w\" sizes=\"auto, (max-width: 246px) 100vw, 246px\" \/><p id=\"caption-attachment-794\" class=\"wp-caption-text\">Femmes Collectif &#8211; Lubo Joanne &#8211; Lynda &#8211; Marie Claire<\/p><\/div><\/td>\n<td>\n<div id=\"attachment_796\" style=\"width: 256px\" class=\"wp-caption aligncenter\"><img loading=\"lazy\" decoding=\"async\" aria-describedby=\"caption-attachment-796\" class=\"size-full wp-image-796 \" style=\"border: 1px solid black;\" title=\"Lubo\" src=\"https:\/\/www.mileendmission.org\/wp-content\/uploads\/2011\/07\/Lubo2.jpeg\" alt=\"\" width=\"246\" height=\"185\" srcset=\"https:\/\/www.mileendmission.org\/wp-content\/uploads\/2011\/07\/Lubo2.jpeg 307w, https:\/\/www.mileendmission.org\/wp-content\/uploads\/2011\/07\/Lubo2-300x226.jpeg 300w\" sizes=\"auto, (max-width: 246px) 100vw, 246px\" \/><p id=\"caption-attachment-796\" class=\"wp-caption-text\">Lubo<\/p><\/div><\/td>\n<\/tr>\n<tr>\n<td>\n<div id=\"attachment_797\" style=\"width: 256px\" class=\"wp-caption aligncenter\"><img loading=\"lazy\" decoding=\"async\" aria-describedby=\"caption-attachment-797\" class=\"size-full wp-image-797 \" style=\"border: 1px solid black;\" title=\"Lynda Seasons Book 2\" src=\"https:\/\/www.mileendmission.org\/wp-content\/uploads\/2011\/07\/Lynda_Seasons_book_2.jpeg\" alt=\"\" width=\"246\" height=\"185\" srcset=\"https:\/\/www.mileendmission.org\/wp-content\/uploads\/2011\/07\/Lynda_Seasons_book_2.jpeg 307w, https:\/\/www.mileendmission.org\/wp-content\/uploads\/2011\/07\/Lynda_Seasons_book_2-300x226.jpeg 300w\" sizes=\"auto, (max-width: 246px) 100vw, 246px\" \/><p id=\"caption-attachment-797\" class=\"wp-caption-text\">Lynda Seasons Book 2<\/p><\/div><\/td>\n<td>\n<div id=\"attachment_798\" style=\"width: 266px\" class=\"wp-caption aligncenter\"><img loading=\"lazy\" decoding=\"async\" aria-describedby=\"caption-attachment-798\" class=\"size-full wp-image-798 \" style=\"border: 1px solid black;\" title=\"MCG\" src=\"https:\/\/www.mileendmission.org\/wp-content\/uploads\/2011\/07\/MCG.jpeg\" alt=\"\" width=\"256\" height=\"192\" \/><p id=\"caption-attachment-798\" class=\"wp-caption-text\">MCG<\/p><\/div><\/td>\n<\/tr>\n<tr>\n<td>\n<div id=\"attachment_799\" style=\"width: 256px\" class=\"wp-caption aligncenter\"><img loading=\"lazy\" decoding=\"async\" aria-describedby=\"caption-attachment-799\" class=\"size-full wp-image-799 \" style=\"border: 1px solid black;\" title=\"Ren\u00e9e\" src=\"https:\/\/www.mileendmission.org\/wp-content\/uploads\/2011\/07\/Renee.jpeg\" alt=\"\" width=\"246\" height=\"185\" srcset=\"https:\/\/www.mileendmission.org\/wp-content\/uploads\/2011\/07\/Renee.jpeg 307w, https:\/\/www.mileendmission.org\/wp-content\/uploads\/2011\/07\/Renee-300x226.jpeg 300w\" sizes=\"auto, (max-width: 246px) 100vw, 246px\" \/><p id=\"caption-attachment-799\" class=\"wp-caption-text\">Ren\u00e9e<\/p><\/div><\/td>\n<td><\/td>\n<\/tr>\n<\/tbody>\n<\/table>\n<p><!--more--><\/p>\n<h1><\/h1>\n<h1><\/h1>\n<h1>Atelier, histoire<\/h1>\n<p style=\"padding-left: 30px;\">Il est n\u00e9 en 2004, de la volont\u00e9 de la directrice d&rsquo;offrir lors d&rsquo;un gala<\/p>\n<p dir=\"ltr\">B\u00e9n\u00e9fice des \u00e9toiles en papier m\u00e2ch\u00e9. Le th\u00e8me \u00e9tait:\u00a0\u00ab\u00a0D\u00e9crochez une \u00e9toile\u00a0\u00bb. Les membres de la Mission ont confectionn\u00e9 plus de 300 \u00e9toiles.<\/p>\n<p dir=\"ltr\"><strong>2005-2006:<\/strong> Nous \u00a0exposons nos \u0153uvres pour les Portes ouvertes \u00e0 la Mission.<\/p>\n<p dir=\"ltr\"><strong>2007:<\/strong> Participation adultes et enfants, \u00e0 l&rsquo;exposition au Studio O , sur le \u00a0th\u00e8me du <strong>Voisinage<\/strong> dans le cadre du Mus\u00e9e en Partage. Une \u00e9ducatrice offre \u00e0 la Mission des ateliers pour les adultes et les enfants se d\u00e9placent au Mus\u00e9e; Olga Dimitri, artiste russe, offre des ateliers sur les mandalas; Exposition des collages de photos prise dans le quartier pour nos Portes Ouvertes.<\/p>\n<p dir=\"ltr\"><strong>2008:<\/strong> Exposition Portes ouvertes de mandalas; Cr\u00e9ation de chapeaux avec les \u00ab\u00a0Raging Grannies\u00a0\u00bb et M\u00e9m\u00e9s d\u00e9cha\u00een\u00e9es; Participation avec Dare Dare et Andrea Cavagnaro , artiste Argentine, \u00e0 l&rsquo;intervention \u00ab\u00a0<strong>Tout amour est puissant\u00a0<\/strong>\u00bb; Atelier avec Genevi\u00e8ve Odin, artiste du quartier d&rsquo;un atelier d&rsquo;aquarelle; Participation avec Lilison Cordeiro, artiste africain d&rsquo; ateliers de dessin; Participation avec La CECI et Encadrex \u00e0 une vente aux ench\u00e8res pour Ha\u00efti.<\/p>\n<p><strong>2009:<\/strong> Portes Ouvertes avec pr\u00e9sentation d&rsquo;un Cahier d&rsquo;artistes sur le th\u00e8me des saisons, exposition d&rsquo;\u0153uvres, construction collective d&rsquo;un totem avec des \u00e9l\u00e9ments de r\u00e9cup\u00e9ration<\/p>\n<p><center><img loading=\"lazy\" decoding=\"async\" class=\"wp-image-2007 alignnone\" src=\"https:\/\/www.mileendmission.org\/wp-content\/uploads\/2011\/07\/image44.jpg\" alt=\"image44\" width=\"240\" height=\"364\" srcset=\"https:\/\/www.mileendmission.org\/wp-content\/uploads\/2011\/07\/image44.jpg 300w, https:\/\/www.mileendmission.org\/wp-content\/uploads\/2011\/07\/image44-198x300.jpg 198w\" sizes=\"auto, (max-width: 240px) 100vw, 240px\" \/><a href=\"https:\/\/www.mileendmission.org\/about-us\/programs\/art-2\/image33\/\" rel=\"attachment wp-att-2008\"><img loading=\"lazy\" decoding=\"async\" class=\"wp-image-2008 alignnone\" src=\"https:\/\/www.mileendmission.org\/wp-content\/uploads\/2011\/07\/image33.jpg\" alt=\"image33\" width=\"230\" height=\"367\" srcset=\"https:\/\/www.mileendmission.org\/wp-content\/uploads\/2011\/07\/image33.jpg 288w, https:\/\/www.mileendmission.org\/wp-content\/uploads\/2011\/07\/image33-188x300.jpg 188w\" sizes=\"auto, (max-width: 230px) 100vw, 230px\" \/><\/a><\/center><\/p>\n<h4>Participation Repas b\u00e9n\u00e9fices<\/h4>\n<p style=\"text-align: center;\"><a href=\"https:\/\/www.mileendmission.org\/about-us\/programs\/art-2\/image28\/\" rel=\"attachment wp-att-2006\"><img loading=\"lazy\" decoding=\"async\" class=\"aligncenter wp-image-2006\" src=\"https:\/\/www.mileendmission.org\/wp-content\/uploads\/2011\/07\/image28.jpg\" alt=\"image28\" width=\"223\" height=\"247\" srcset=\"https:\/\/www.mileendmission.org\/wp-content\/uploads\/2011\/07\/image28.jpg 319w, https:\/\/www.mileendmission.org\/wp-content\/uploads\/2011\/07\/image28-271x300.jpg 271w, https:\/\/www.mileendmission.org\/wp-content\/uploads\/2011\/07\/image28-300x332.jpg 300w\" sizes=\"auto, (max-width: 223px) 100vw, 223px\" \/><\/a><\/p>\n<h4 style=\"text-align: left;\">2010: Participation \u00e0 Image de femmes<\/h4>\n<p style=\"text-align: center;\"><a href=\"https:\/\/www.mileendmission.org\/about-us\/programs\/art-2\/image19\/\" rel=\"attachment wp-att-2009\"><img loading=\"lazy\" decoding=\"async\" class=\"aligncenter wp-image-2009\" src=\"https:\/\/www.mileendmission.org\/wp-content\/uploads\/2011\/07\/image19.jpg\" alt=\"image19\" width=\"210\" height=\"284\" srcset=\"https:\/\/www.mileendmission.org\/wp-content\/uploads\/2011\/07\/image19.jpg 300w, https:\/\/www.mileendmission.org\/wp-content\/uploads\/2011\/07\/image19-222x300.jpg 222w\" sizes=\"auto, (max-width: 210px) 100vw, 210px\" \/><\/a><\/p>\n<p dir=\"ltr\" style=\"text-align: center;\">Aid\u00e9e de Ninat \u00a0Friedland, stagiaire, \u00e9tudiante en art th\u00e9rapie \u00e0 Concordia<\/p>\n<p dir=\"ltr\" style=\"text-align: center;\">Atelier \u00a0de Eva Halus, art Zen Japonais<\/p>\n<p><center><a href=\"https:\/\/www.mileendmission.org\/about-us\/programs\/art-2\/image41\/\" rel=\"attachment wp-att-2012\"><img loading=\"lazy\" decoding=\"async\" class=\"size-full wp-image-2012\" src=\"https:\/\/www.mileendmission.org\/wp-content\/uploads\/2011\/07\/image41.jpg\" alt=\"image41\" width=\"300\" height=\"425\" srcset=\"https:\/\/www.mileendmission.org\/wp-content\/uploads\/2011\/07\/image41.jpg 300w, https:\/\/www.mileendmission.org\/wp-content\/uploads\/2011\/07\/image41-212x300.jpg 212w\" sizes=\"auto, (max-width: 300px) 100vw, 300px\" \/><\/a> <a href=\"https:\/\/www.mileendmission.org\/about-us\/programs\/art-2\/image39\/\" rel=\"attachment wp-att-2011\"><img loading=\"lazy\" decoding=\"async\" class=\"size-full wp-image-2011\" src=\"https:\/\/www.mileendmission.org\/wp-content\/uploads\/2011\/07\/image39.jpg\" alt=\"image39\" width=\"307\" height=\"421\" srcset=\"https:\/\/www.mileendmission.org\/wp-content\/uploads\/2011\/07\/image39.jpg 307w, https:\/\/www.mileendmission.org\/wp-content\/uploads\/2011\/07\/image39-219x300.jpg 219w, https:\/\/www.mileendmission.org\/wp-content\/uploads\/2011\/07\/image39-300x411.jpg 300w\" sizes=\"auto, (max-width: 307px) 100vw, 307px\" \/><\/a><\/center><center><\/center><center>Japanese Zen Art workshop with Eva Halus<\/center><center><\/center><center><\/center><center><a href=\"https:\/\/www.mileendmission.org\/about-us\/programs\/art-2\/image25\/\" rel=\"attachment wp-att-2010\"><img loading=\"lazy\" decoding=\"async\" class=\"aligncenter size-full wp-image-2010\" src=\"https:\/\/www.mileendmission.org\/wp-content\/uploads\/2011\/07\/image25.jpg\" alt=\"image25\" width=\"360\" height=\"364\" srcset=\"https:\/\/www.mileendmission.org\/wp-content\/uploads\/2011\/07\/image25.jpg 360w, https:\/\/www.mileendmission.org\/wp-content\/uploads\/2011\/07\/image25-297x300.jpg 297w, https:\/\/www.mileendmission.org\/wp-content\/uploads\/2011\/07\/image25-300x303.jpg 300w, https:\/\/www.mileendmission.org\/wp-content\/uploads\/2011\/07\/image25-75x75.jpg 75w\" sizes=\"auto, (max-width: 360px) 100vw, 360px\" \/><\/a><\/center><center><\/center><center>Photographie avec Christopher McMullen<\/center><center><\/center><center><\/center><center><a href=\"https:\/\/www.mileendmission.org\/about-us\/programs\/art-2\/image21\/\" rel=\"attachment wp-att-2013\"><img loading=\"lazy\" decoding=\"async\" class=\"alignnone wp-image-2013\" src=\"https:\/\/www.mileendmission.org\/wp-content\/uploads\/2011\/07\/image21.jpg\" alt=\"image21\" width=\"223\" height=\"255\" srcset=\"https:\/\/www.mileendmission.org\/wp-content\/uploads\/2011\/07\/image21.jpg 319w, https:\/\/www.mileendmission.org\/wp-content\/uploads\/2011\/07\/image21-263x300.jpg 263w, https:\/\/www.mileendmission.org\/wp-content\/uploads\/2011\/07\/image21-300x342.jpg 300w\" sizes=\"auto, (max-width: 223px) 100vw, 223px\" \/><\/a><a href=\"https:\/\/www.mileendmission.org\/about-us\/programs\/art-2\/image29\/\" rel=\"attachment wp-att-2014\"><img loading=\"lazy\" decoding=\"async\" class=\"alignnone wp-image-2014\" src=\"https:\/\/www.mileendmission.org\/wp-content\/uploads\/2011\/07\/image29.jpg\" alt=\"image29\" width=\"247\" height=\"252\" srcset=\"https:\/\/www.mileendmission.org\/wp-content\/uploads\/2011\/07\/image29.jpg 353w, https:\/\/www.mileendmission.org\/wp-content\/uploads\/2011\/07\/image29-294x300.jpg 294w, https:\/\/www.mileendmission.org\/wp-content\/uploads\/2011\/07\/image29-300x306.jpg 300w\" sizes=\"auto, (max-width: 247px) 100vw, 247px\" \/><\/a><\/center>Souper communautaire sur le th\u00e8me du totem,<\/p>\n<p style=\"text-align: center;\">Cr\u00e9ation de mandalas aux portes ouvertes<\/p>\n<p><a href=\"https:\/\/www.mileendmission.org\/about-us\/programs\/art-2\/image42\/\" rel=\"attachment wp-att-2015\"><img loading=\"lazy\" decoding=\"async\" class=\"wp-image-2015 aligncenter\" src=\"https:\/\/www.mileendmission.org\/wp-content\/uploads\/2011\/07\/image42.jpg\" alt=\"image42\" width=\"210\" height=\"289\" srcset=\"https:\/\/www.mileendmission.org\/wp-content\/uploads\/2011\/07\/image42.jpg 300w, https:\/\/www.mileendmission.org\/wp-content\/uploads\/2011\/07\/image42-218x300.jpg 218w\" sizes=\"auto, (max-width: 210px) 100vw, 210px\" \/><\/a><\/p>\n<p>&nbsp;<\/p>\n<p>&nbsp;<\/p>\n<h2 style=\"text-align: center;\">Les images pour le dire<\/h2>\n<p><center><a href=\"https:\/\/www.mileendmission.org\/about-us\/programs\/art-2\/image46\/\" rel=\"attachment wp-att-2016\"><img loading=\"lazy\" decoding=\"async\" class=\"alignnone wp-image-2016\" src=\"https:\/\/www.mileendmission.org\/wp-content\/uploads\/2011\/07\/image46.jpg\" alt=\"image46\" width=\"308\" height=\"228\" srcset=\"https:\/\/www.mileendmission.org\/wp-content\/uploads\/2011\/07\/image46.jpg 440w, https:\/\/www.mileendmission.org\/wp-content\/uploads\/2011\/07\/image46-300x222.jpg 300w, https:\/\/www.mileendmission.org\/wp-content\/uploads\/2011\/07\/image46-390x289.jpg 390w\" sizes=\"auto, (max-width: 308px) 100vw, 308px\" \/><\/a> <a href=\"https:\/\/www.mileendmission.org\/about-us\/programs\/art-2\/image47\/\" rel=\"attachment wp-att-2017\"><img loading=\"lazy\" decoding=\"async\" class=\"alignnone wp-image-2017\" src=\"https:\/\/www.mileendmission.org\/wp-content\/uploads\/2011\/07\/image47.jpg\" alt=\"image47\" width=\"324\" height=\"228\" srcset=\"https:\/\/www.mileendmission.org\/wp-content\/uploads\/2011\/07\/image47.jpg 463w, https:\/\/www.mileendmission.org\/wp-content\/uploads\/2011\/07\/image47-300x211.jpg 300w, https:\/\/www.mileendmission.org\/wp-content\/uploads\/2011\/07\/image47-390x275.jpg 390w\" sizes=\"auto, (max-width: 324px) 100vw, 324px\" \/><\/a><\/center><a href=\"https:\/\/www.mileendmission.org\/about-us\/programs\/art-2\/image49\/\" rel=\"attachment wp-att-2018\"><img loading=\"lazy\" decoding=\"async\" class=\"alignnone wp-image-2018\" src=\"https:\/\/www.mileendmission.org\/wp-content\/uploads\/2011\/07\/image49.jpg\" alt=\"image49\" width=\"340\" height=\"225\" srcset=\"https:\/\/www.mileendmission.org\/wp-content\/uploads\/2011\/07\/image49.jpg 486w, https:\/\/www.mileendmission.org\/wp-content\/uploads\/2011\/07\/image49-300x199.jpg 300w, https:\/\/www.mileendmission.org\/wp-content\/uploads\/2011\/07\/image49-270x180.jpg 270w, https:\/\/www.mileendmission.org\/wp-content\/uploads\/2011\/07\/image49-390x258.jpg 390w\" sizes=\"auto, (max-width: 340px) 100vw, 340px\" \/><\/a><\/p>\n<p dir=\"ltr\">\u00a0Atelier sur Otto Dix en collaboration Avec le Mus\u00e9e des Beaux arts<\/p>\n<p><center><a href=\"https:\/\/www.mileendmission.org\/about-us\/programs\/art-2\/image48\/\" rel=\"attachment wp-att-2019\"><img loading=\"lazy\" decoding=\"async\" class=\"alignnone wp-image-2019\" src=\"https:\/\/www.mileendmission.org\/wp-content\/uploads\/2011\/07\/image48.jpg\" alt=\"image48\" width=\"247\" height=\"241\" srcset=\"https:\/\/www.mileendmission.org\/wp-content\/uploads\/2011\/07\/image48.jpg 353w, https:\/\/www.mileendmission.org\/wp-content\/uploads\/2011\/07\/image48-300x293.jpg 300w\" sizes=\"auto, (max-width: 247px) 100vw, 247px\" \/><\/a> <a href=\"https:\/\/www.mileendmission.org\/about-us\/programs\/art-2\/image50\/\" rel=\"attachment wp-att-2020\"><img loading=\"lazy\" decoding=\"async\" class=\"alignnone wp-image-2020\" src=\"https:\/\/www.mileendmission.org\/wp-content\/uploads\/2011\/07\/image50.jpg\" alt=\"image50\" width=\"258\" height=\"241\" srcset=\"https:\/\/www.mileendmission.org\/wp-content\/uploads\/2011\/07\/image50.jpg 368w, https:\/\/www.mileendmission.org\/wp-content\/uploads\/2011\/07\/image50-300x281.jpg 300w\" sizes=\"auto, (max-width: 258px) 100vw, 258px\" \/><\/a><\/center><\/p>\n<h4 dir=\"ltr\"><\/h4>\n<h4 dir=\"ltr\">2011\u00a0: Participation \u00e0 Images de Femmes<\/h4>\n<p><center><a href=\"https:\/\/www.mileendmission.org\/about-us\/programs\/art-2\/image51\/\" rel=\"attachment wp-att-2021\"><img loading=\"lazy\" decoding=\"async\" class=\"alignnone size-full wp-image-2021\" src=\"https:\/\/www.mileendmission.org\/wp-content\/uploads\/2011\/07\/image51.jpg\" alt=\"image51\" width=\"334\" height=\"451\" srcset=\"https:\/\/www.mileendmission.org\/wp-content\/uploads\/2011\/07\/image51.jpg 334w, https:\/\/www.mileendmission.org\/wp-content\/uploads\/2011\/07\/image51-222x300.jpg 222w, https:\/\/www.mileendmission.org\/wp-content\/uploads\/2011\/07\/image51-300x405.jpg 300w\" sizes=\"auto, (max-width: 334px) 100vw, 334px\" \/><\/a><\/center>Cimeti\u00e8re Mont-Royal<\/p>\n<p><center><a href=\"https:\/\/www.mileendmission.org\/about-us\/programs\/art-2\/image52\/\" rel=\"attachment wp-att-2022\"><img loading=\"lazy\" decoding=\"async\" class=\"alignnone wp-image-2022\" src=\"https:\/\/www.mileendmission.org\/wp-content\/uploads\/2011\/07\/image52.jpg\" alt=\"image52\" width=\"212\" height=\"253\" srcset=\"https:\/\/www.mileendmission.org\/wp-content\/uploads\/2011\/07\/image52.jpg 353w, https:\/\/www.mileendmission.org\/wp-content\/uploads\/2011\/07\/image52-252x300.jpg 252w, https:\/\/www.mileendmission.org\/wp-content\/uploads\/2011\/07\/image52-300x358.jpg 300w\" sizes=\"auto, (max-width: 212px) 100vw, 212px\" \/><\/a> <a href=\"https:\/\/www.mileendmission.org\/about-us\/programs\/art-2\/image54\/\" rel=\"attachment wp-att-2024\"><img loading=\"lazy\" decoding=\"async\" class=\"alignnone wp-image-2024\" src=\"https:\/\/www.mileendmission.org\/wp-content\/uploads\/2011\/07\/image54.jpg\" alt=\"image54\" width=\"207\" height=\"253\" srcset=\"https:\/\/www.mileendmission.org\/wp-content\/uploads\/2011\/07\/image54.jpg 345w, https:\/\/www.mileendmission.org\/wp-content\/uploads\/2011\/07\/image54-246x300.jpg 246w, https:\/\/www.mileendmission.org\/wp-content\/uploads\/2011\/07\/image54-300x366.jpg 300w\" sizes=\"auto, (max-width: 207px) 100vw, 207px\" \/><\/a> <a href=\"https:\/\/www.mileendmission.org\/about-us\/programs\/art-2\/image53\/\" rel=\"attachment wp-att-2023\"><img loading=\"lazy\" decoding=\"async\" class=\"alignnone wp-image-2023\" src=\"https:\/\/www.mileendmission.org\/wp-content\/uploads\/2011\/07\/image53.jpg\" alt=\"image53\" width=\"203\" height=\"253\" srcset=\"https:\/\/www.mileendmission.org\/wp-content\/uploads\/2011\/07\/image53.jpg 338w, https:\/\/www.mileendmission.org\/wp-content\/uploads\/2011\/07\/image53-241x300.jpg 241w, https:\/\/www.mileendmission.org\/wp-content\/uploads\/2011\/07\/image53-300x374.jpg 300w\" sizes=\"auto, (max-width: 203px) 100vw, 203px\" \/><\/a><\/center><\/p>\n<p dir=\"ltr\">Fabrication de poup\u00e9e porte ouverte,<\/p>\n<p dir=\"ltr\">Photographie \u00a0avec Christopher Mc Mullen,<\/p>\n<p dir=\"ltr\" style=\"text-align: center;\">Bandes Dessin\u00e9es avec Romina Sol Catanzaro<\/p>\n<p>&nbsp;<\/p>\n<p><center><a href=\"https:\/\/www.mileendmission.org\/about-us\/programs\/art-2\/image55\/\" rel=\"attachment wp-att-2025\"><img loading=\"lazy\" decoding=\"async\" class=\"alignnone wp-image-2025\" src=\"https:\/\/www.mileendmission.org\/wp-content\/uploads\/2011\/07\/image55.jpg\" alt=\"image55\" width=\"289\" height=\"276\" \/><\/a> <a href=\"https:\/\/www.mileendmission.org\/about-us\/programs\/art-2\/image56\/\" rel=\"attachment wp-att-2026\"><img loading=\"lazy\" decoding=\"async\" class=\"alignnone wp-image-2026\" src=\"https:\/\/www.mileendmission.org\/wp-content\/uploads\/2011\/07\/image56.jpg\" alt=\"image56\" width=\"276\" height=\"281\" \/><\/a><\/center>Aquarelle avec Genevi\u00e8ve Odin<\/p>\n<p><a href=\"https:\/\/www.mileendmission.org\/about-us\/programs\/art-2\/image57\/\" rel=\"attachment wp-att-2027\"><img loading=\"lazy\" decoding=\"async\" class=\"wp-image-2027 aligncenter\" src=\"https:\/\/www.mileendmission.org\/wp-content\/uploads\/2011\/07\/image57.jpg\" alt=\"image57\" width=\"302\" height=\"260\" \/><\/a><\/p>\n<p dir=\"ltr\" style=\"text-align: center;\">Courtney \u00a0Lester, Art th\u00e9rapeute \u00a0chaque semaine<\/p>\n<p><a href=\"https:\/\/www.mileendmission.org\/about-us\/programs\/art-2\/image58\/\" rel=\"attachment wp-att-2028\"><img loading=\"lazy\" decoding=\"async\" class=\"wp-image-2028 aligncenter\" src=\"https:\/\/www.mileendmission.org\/wp-content\/uploads\/2011\/07\/image58.jpg\" alt=\"image58\" width=\"241\" height=\"271\" \/><\/a><\/p>\n<p>&nbsp;<\/p>\n<p dir=\"ltr\">Pascale Annuale Art th\u00e9rapeute \u00a0pour famille ha\u00eftienne<\/p>\n<p dir=\"ltr\" style=\"text-align: center;\">Art communautaire avec No\u00e9mie.<\/p>\n<p><center><a href=\"https:\/\/www.mileendmission.org\/about-us\/programs\/art-2\/image59\/\" rel=\"attachment wp-att-2029\"><img loading=\"lazy\" decoding=\"async\" class=\"alignnone wp-image-2029\" src=\"https:\/\/www.mileendmission.org\/wp-content\/uploads\/2011\/07\/image59.jpg\" alt=\"image59\" width=\"250\" height=\"298\" \/><\/a> <a href=\"https:\/\/www.mileendmission.org\/about-us\/programs\/art-2\/image60\/\" rel=\"attachment wp-att-2030\"><img loading=\"lazy\" decoding=\"async\" class=\"alignnone wp-image-2030\" src=\"https:\/\/www.mileendmission.org\/wp-content\/uploads\/2011\/07\/image60.jpg\" alt=\"image60\" width=\"250\" height=\"300\" \/><\/a><\/center><center><\/center><center><\/center><center><\/center><center><\/center><center><\/center><center>Repas Benefice<\/center><center><\/center><center><\/center><center><a href=\"https:\/\/www.mileendmission.org\/about-us\/programs\/art-2\/image61\/\" rel=\"attachment wp-att-2031\"><img loading=\"lazy\" decoding=\"async\" class=\"alignnone size-full wp-image-2031\" src=\"https:\/\/www.mileendmission.org\/wp-content\/uploads\/2011\/07\/image61.png\" alt=\"image61\" width=\"284\" height=\"413\" \/><\/a><\/center><center><\/center><center><\/center><center><\/center><center><\/center><center><\/center><center><\/center><center>Exposition Equinoxe<\/center><center><\/center><center><\/center><center><a href=\"https:\/\/www.mileendmission.org\/about-us\/programs\/art-2\/image62\/\" rel=\"attachment wp-att-2032\"><img loading=\"lazy\" decoding=\"async\" class=\"alignnone wp-image-2032\" src=\"https:\/\/www.mileendmission.org\/wp-content\/uploads\/2011\/07\/image62.jpg\" alt=\"image62\" width=\"194\" height=\"251\" \/><\/a> <a href=\"https:\/\/www.mileendmission.org\/about-us\/programs\/art-2\/image63\/\" rel=\"attachment wp-att-2033\"><img loading=\"lazy\" decoding=\"async\" class=\"alignnone wp-image-2033\" src=\"https:\/\/www.mileendmission.org\/wp-content\/uploads\/2011\/07\/image63.jpg\" alt=\"image63\" width=\"215\" height=\"253\" \/><\/a> <a href=\"https:\/\/www.mileendmission.org\/about-us\/programs\/art-2\/image64\/\" rel=\"attachment wp-att-2034\"><img loading=\"lazy\" decoding=\"async\" class=\"alignnone wp-image-2034\" src=\"https:\/\/www.mileendmission.org\/wp-content\/uploads\/2011\/07\/image64.jpg\" alt=\"image64\" width=\"220\" height=\"248\" \/><\/a><\/center><center><\/center><center><a href=\"https:\/\/www.mileendmission.org\/about-us\/programs\/art-2\/image66\/\" rel=\"attachment wp-att-2036\"><img loading=\"lazy\" decoding=\"async\" class=\"alignnone wp-image-2036\" src=\"https:\/\/www.mileendmission.org\/wp-content\/uploads\/2011\/07\/image66.jpg\" alt=\"image66\" width=\"203\" height=\"235\" \/><\/a> <a href=\"https:\/\/www.mileendmission.org\/about-us\/programs\/art-2\/image65\/\" rel=\"attachment wp-att-2035\"><img loading=\"lazy\" decoding=\"async\" class=\"alignnone wp-image-2035\" src=\"https:\/\/www.mileendmission.org\/wp-content\/uploads\/2011\/07\/image65.jpg\" alt=\"image65\" width=\"184\" height=\"235\" \/><\/a> <a href=\"https:\/\/www.mileendmission.org\/about-us\/programs\/art-2\/image67\/\" rel=\"attachment wp-att-2037\"><img loading=\"lazy\" decoding=\"async\" class=\"alignnone wp-image-2037\" src=\"https:\/\/www.mileendmission.org\/wp-content\/uploads\/2011\/07\/image67.jpg\" alt=\"image67\" width=\"193\" height=\"239\" \/><\/a><\/center><center><\/center><center><a href=\"https:\/\/www.mileendmission.org\/about-us\/programs\/art-2\/image69\/\" rel=\"attachment wp-att-2039\"><img loading=\"lazy\" decoding=\"async\" class=\"alignnone wp-image-2039\" src=\"https:\/\/www.mileendmission.org\/wp-content\/uploads\/2011\/07\/image69.jpg\" alt=\"image69\" width=\"182\" height=\"235\" \/><\/a> <a href=\"https:\/\/www.mileendmission.org\/about-us\/programs\/art-2\/image68\/\" rel=\"attachment wp-att-2038\"><img loading=\"lazy\" decoding=\"async\" class=\"alignnone wp-image-2038\" src=\"https:\/\/www.mileendmission.org\/wp-content\/uploads\/2011\/07\/image68.jpg\" alt=\"image68\" width=\"212\" height=\"232\" \/><\/a><\/center><\/p>\n<h4>2012\u00a0: Participation \u00e0 L\u2019exposition Small,\u00a0Luminocit\u00e9 \u00a0\u00e0 la Ruche d\u2019art.<\/h4>\n<p><a href=\"https:\/\/www.mileendmission.org\/about-us\/programs\/art-2\/image70\/\" rel=\"attachment wp-att-2040\"><img loading=\"lazy\" decoding=\"async\" class=\"wp-image-2040 aligncenter\" src=\"https:\/\/www.mileendmission.org\/wp-content\/uploads\/2011\/07\/image70.jpg\" alt=\"image70\" width=\"347\" height=\"260\" \/><\/a><\/p>\n<p style=\"text-align: center;\">t-shirts recycl\u00e9<\/p>\n<p><a href=\"https:\/\/www.mileendmission.org\/about-us\/programs\/art-2\/image71\/\" rel=\"attachment wp-att-2041\"><img loading=\"lazy\" decoding=\"async\" class=\"wp-image-2041 aligncenter\" src=\"https:\/\/www.mileendmission.org\/wp-content\/uploads\/2011\/07\/image71.jpg\" alt=\"image71\" width=\"300\" height=\"183\" \/><\/a><\/p>\n<p style=\"text-align: center;\">boites a dvd recycl\u00e9s<\/p>\n<p>[\/vc_column_text][\/vc_column][\/vc_row]<\/p>\n<\/div>","protected":false},"excerpt":{"rendered":"<p>[vc_row][vc_column][vc_column_text] Les ateliers d&rsquo;art offerts gratuitement Touche l&rsquo;art th\u00e9rapie l\u2019expression des \u00e9motions \u00e0 travers le dessin, le collage. Un espace de confiance est cr\u00e9\u00e9, ce qui permet aux participant(e)s de [&hellip;]<\/p>\n","protected":false},"author":2,"featured_media":0,"parent":0,"menu_order":0,"comment_status":"closed","ping_status":"open","template":"","meta":{"footnotes":""},"class_list":["post-786","page","type-page","status-publish","hentry"],"_links":{"self":[{"href":"https:\/\/www.mileendmission.org\/fr\/wp-json\/wp\/v2\/pages\/786","targetHints":{"allow":["GET"]}}],"collection":[{"href":"https:\/\/www.mileendmission.org\/fr\/wp-json\/wp\/v2\/pages"}],"about":[{"href":"https:\/\/www.mileendmission.org\/fr\/wp-json\/wp\/v2\/types\/page"}],"author":[{"embeddable":true,"href":"https:\/\/www.mileendmission.org\/fr\/wp-json\/wp\/v2\/users\/2"}],"replies":[{"embeddable":true,"href":"https:\/\/www.mileendmission.org\/fr\/wp-json\/wp\/v2\/comments?post=786"}],"version-history":[{"count":1,"href":"https:\/\/www.mileendmission.org\/fr\/wp-json\/wp\/v2\/pages\/786\/revisions"}],"predecessor-version":[{"id":3209,"href":"https:\/\/www.mileendmission.org\/fr\/wp-json\/wp\/v2\/pages\/786\/revisions\/3209"}],"wp:attachment":[{"href":"https:\/\/www.mileendmission.org\/fr\/wp-json\/wp\/v2\/media?parent=786"}],"curies":[{"name":"wp","href":"https:\/\/api.w.org\/{rel}","templated":true}]}}